{"id":141,"date":"2022-06-08T18:49:23","date_gmt":"2022-06-08T18:49:23","guid":{"rendered":"https:\/\/afist.ro\/?page_id=141"},"modified":"2022-06-08T19:11:50","modified_gmt":"2022-06-08T19:11:50","slug":"membri","status":"publish","type":"page","link":"https:\/\/afist.ro\/en\/membri\/","title":{"rendered":"Membri onorifici"},"content":{"rendered":"<p><\/p>\n\n\n\n<p><\/p>\n\n\n\n\n\n<p><\/p>\n\n\n\n<p><\/p>\n\n\n<div class='rt-container-fluid rt-team-container rt-pos-r rt-team-container-144' id='rt-team-container-1023759385'  data-layout='layout1' data-desktop-col='4'  data-tab-col='2'  data-mobile-col='1' data-sc-id='144' data-popup-bg=''><div data-title='Loading ...' class='rt-row rt-content-loader layout1 ttp-even ttp-pre-loader'><div class='rt-col-md-3 rt-col-sm-6 rt-col-xs-12 even-grid-item rt-grid-item' data-id='154'><div class=\"single-team-area\"><div class=\"single-team\"><figure><a class=\"\" data-id=\"154\" target=\"_self\" href=\"https:\/\/afist.ro\/en\/team\/prof-dr-habil-raluca-ioana-stefan-van-staden\/\"><img loading=\"lazy\" decoding=\"async\" width=\"120\" height=\"150\" src=\"https:\/\/afist.ro\/wp-content\/uploads\/2022\/06\/RI-VAN-STADEN2.jpg\" class=\"img-responsive rt-team-img\" alt=\"Prof. dr. habil. RALUCA-IOANA STEFAN-VAN STADEN\" \/><\/a><\/figure><\/div><div class='tlp-content'><h3><span class=\"team-name\"><a class=\"\" data-id=\"154\" target=\"_self\" title=\"Prof. dr. habil. RALUCA-IOANA STEFAN-VAN STADEN\" href=\"https:\/\/afist.ro\/en\/team\/prof-dr-habil-raluca-ioana-stefan-van-staden\/\">Prof. dr. habil. RALUCA-IOANA STEFAN-VAN STADEN<\/a><\/span><\/h3><\/div><div class=\"short-bio\"><p>Prof. dr. habil. Raluca-Ioana STEFAN-VAN STADEN este Profesor, Cercet\u0103tor \u0218tiin\u021bific I \u0219i \u0218efa Laboratorului de Electrochimie \u0219i PATLAB din cadrul Institutul Na\u021bional de Cercetare pentru Electrochimie \u0219i Materie Condensat\u0103 din Bucure\u0219ti. R&#8230;<\/p><\/div><\/div><\/div><div class='rt-col-md-3 rt-col-sm-6 rt-col-xs-12 even-grid-item rt-grid-item' data-id='152'><div class=\"single-team-area\"><div class=\"single-team\"><figure><a class=\"\" data-id=\"152\" target=\"_self\" href=\"https:\/\/afist.ro\/en\/team\/dr-ing-marioara-avram\/\"><img loading=\"lazy\" decoding=\"async\" width=\"128\" height=\"150\" src=\"https:\/\/afist.ro\/wp-content\/uploads\/2022\/06\/MARIOARA-AVRAM.jpg\" class=\"img-responsive rt-team-img\" alt=\"Dr. ing. MARIOARA AVRAM\" \/><\/a><\/figure><\/div><div class='tlp-content'><h3><span class=\"team-name\"><a class=\"\" data-id=\"152\" target=\"_self\" title=\"Dr. ing. MARIOARA AVRAM\" href=\"https:\/\/afist.ro\/en\/team\/dr-ing-marioara-avram\/\">Dr. ing. MARIOARA AVRAM<\/a><\/span><\/h3><\/div><div class=\"short-bio\"><p>Marioara Avram este cercet\u0103tor senior \u0219i coordonator al Laboratorului de Micro \u0219i Nanofluidic\u0103 din cadrul Institutul Na\u021bional de Cercetare Dezvoltare pentru Microtehnologie (IMT-Bucure\u0219ti). Principalele activit\u0103\u021bi \u0219i responsabilit\u0103\u021bi \u0219ti&#8230;<\/p><\/div><\/div><\/div><div class='rt-col-md-3 rt-col-sm-6 rt-col-xs-12 even-grid-item rt-grid-item' data-id='173'><div class=\"single-team-area\"><div class=\"single-team\"><figure><a class=\"\" data-id=\"173\" target=\"_self\" href=\"https:\/\/afist.ro\/en\/team\/elena-ovreiu\/\"><img loading=\"lazy\" decoding=\"async\" width=\"150\" height=\"150\" src=\"https:\/\/afist.ro\/wp-content\/uploads\/2022\/07\/elena_240-3.jpg\" class=\"img-responsive rt-team-img\" alt=\"Elena Ovreiu\" \/><\/a><\/figure><\/div><div class='tlp-content'><h3><span class=\"team-name\"><a class=\"\" data-id=\"173\" target=\"_self\" title=\"Elena Ovreiu\" href=\"https:\/\/afist.ro\/en\/team\/elena-ovreiu\/\">Elena Ovreiu<\/a><\/span><\/h3><\/div><div class=\"short-bio\"><p>Elena Ovreiu este lector at\u00e2t la Facultatea de Inginerie Medical\u0103, c\u00e2t \u0219i la Facultatea de Electronic\u0103, Telecomunica\u021bii \u0219i IT din cadrul Universit\u0103\u021bii Politehnica Bucure\u0219ti, unde a introdus \u0219i pred\u0103 \u00een prezent cursurile eHealth, Inovare&#8230;<\/p><\/div><\/div><\/div><div class='rt-col-md-3 rt-col-sm-6 rt-col-xs-12 even-grid-item rt-grid-item' data-id='158'><div class=\"single-team-area\"><div class=\"single-team\"><figure><a class=\"\" data-id=\"158\" target=\"_self\" href=\"https:\/\/afist.ro\/en\/team\/prof-dr-emil-slusanschi\/\"><img loading=\"lazy\" decoding=\"async\" width=\"150\" height=\"150\" src=\"https:\/\/afist.ro\/wp-content\/uploads\/2022\/06\/EMIL-SLUSANSCHI.jpeg\" class=\"img-responsive rt-team-img\" alt=\"Prof. dr. EMIL SLU\u0218ANSCHI\" \/><\/a><\/figure><\/div><div class='tlp-content'><h3><span class=\"team-name\"><a class=\"\" data-id=\"158\" target=\"_self\" title=\"Prof. dr. EMIL SLU\u0218ANSCHI\" href=\"https:\/\/afist.ro\/en\/team\/prof-dr-emil-slusanschi\/\">Prof. dr. EMIL SLU\u0218ANSCHI<\/a><\/span><\/h3><\/div><div class=\"short-bio\"><p>Emil Slu\u0219anschi este profesor la Universitatea Politehnica din Bucure\u0219ti \u0219i \u00een prezent este \u0219eful Departamentului de Informatic\u0103 \u0219i Inginerie. Este coordonatorul Centrului de Cercetare \u00een Informatic\u0103 \u0219i pre\u0219edintele Asocia\u021biei Rom\u00e2ne pe&#8230;<\/p><\/div><\/div><\/div><div class='rt-col-md-3 rt-col-sm-6 rt-col-xs-12 even-grid-item rt-grid-item' data-id='156'><div class=\"single-team-area\"><div class=\"single-team\"><figure><a class=\"\" data-id=\"156\" target=\"_self\" href=\"https:\/\/afist.ro\/en\/team\/dr-dan-stutman\/\"><img loading=\"lazy\" decoding=\"async\" width=\"100\" height=\"150\" src=\"https:\/\/afist.ro\/wp-content\/uploads\/2022\/06\/Dan-Stutman3.jpg\" class=\"img-responsive rt-team-img\" alt=\"Dr. DAN STUTMAN\" \/><\/a><\/figure><\/div><div class='tlp-content'><h3><span class=\"team-name\"><a class=\"\" data-id=\"156\" target=\"_self\" title=\"Dr. DAN STUTMAN\" href=\"https:\/\/afist.ro\/en\/team\/dr-dan-stutman\/\">Dr. DAN STUTMAN<\/a><\/span><\/h3><\/div><div class=\"short-bio\"><p>Dan Stutman este cercet\u0103tor senior la ELI-NP din Rom\u00e2nia \u0219i cercet\u0103tor principal la Departamentul de Fizic\u0103 \u0219i Astronomie al Universit\u0103\u021bii Johns Hopkins din SUA, unde a condus grupul de imagistic\u0103 cu plasm\u0103 \u0219i raze X. \u00centre 2016 \u0219i 2020&#8230;<\/p><\/div><\/div><\/div><div class='rt-col-md-3 rt-col-sm-6 rt-col-xs-12 even-grid-item rt-grid-item' data-id='150'><div class=\"single-team-area\"><div class=\"single-team\"><figure><a class=\"\" data-id=\"150\" target=\"_self\" href=\"https:\/\/afist.ro\/en\/team\/prof-habil-dr-ing-anton-ficai\/\"><img loading=\"lazy\" decoding=\"async\" width=\"139\" height=\"150\" src=\"https:\/\/afist.ro\/wp-content\/uploads\/2022\/06\/ANTON-FICAI.jpg\" class=\"img-responsive rt-team-img\" alt=\"Prof. habil. dr. ing. ANTON FICAI\" \/><\/a><\/figure><\/div><div class='tlp-content'><h3><span class=\"team-name\"><a class=\"\" data-id=\"150\" target=\"_self\" title=\"Prof. habil. dr. ing. ANTON FICAI\" href=\"https:\/\/afist.ro\/en\/team\/prof-habil-dr-ing-anton-ficai\/\">Prof. habil. dr. ing. ANTON FICAI<\/a><\/span><\/h3><\/div><div class=\"short-bio\"><p>Anton FICAI este un cercet\u0103tor implicat at\u00e2t \u00een \u200b\u200bvia\u021ba academic\u0103, c\u00e2t \u0219i \u00een via\u021ba \u0219tiin\u021bific\u0103 a Universit\u0103\u021bii POLITEHNICA din Bucure\u0219ti. Interesele sale academice majore sunt legate de coordonarea activit\u0103\u021bilor didactice aferen&#8230;<\/p><\/div><\/div><\/div><div class='rt-col-md-3 rt-col-sm-6 rt-col-xs-12 even-grid-item rt-grid-item' data-id='160'><div class=\"single-team-area\"><div class=\"single-team\"><figure><a class=\"\" data-id=\"160\" target=\"_self\" href=\"https:\/\/afist.ro\/en\/team\/prof-dr-ing-ecaterina-andronescu\/\"><img loading=\"lazy\" decoding=\"async\" width=\"113\" height=\"150\" src=\"https:\/\/afist.ro\/wp-content\/uploads\/2022\/06\/Ecaterina-Andronescu-sursa-httpschimie.upb_.rodepartamentestiinta-si-ingineria-materialelor-oxidice-si-nanomaterialelorcolectivandronescu-ecaterina.jpg\" class=\"img-responsive rt-team-img\" alt=\"Prof. dr. ing. ECATERINA ANDRONESCU\" \/><\/a><\/figure><\/div><div class='tlp-content'><h3><span class=\"team-name\"><a class=\"\" data-id=\"160\" target=\"_self\" title=\"Prof. dr. ing. ECATERINA ANDRONESCU\" href=\"https:\/\/afist.ro\/en\/team\/prof-dr-ing-ecaterina-andronescu\/\">Prof. dr. ing. ECATERINA ANDRONESCU<\/a><\/span><\/h3><\/div><div class=\"short-bio\"><p>Ecaterina Andronescu este profesor la Universitatea Politehnica din Bucure\u0219ti \u00een cadrul Facult\u0103\u021bii de Chimie Aplicat\u0103 \u0219i \u0218tiin\u021ba Materialelor, Departamentul de \u0218tiin\u021b\u0103 \u0219i Ingineria Materialelor Oxidice \u0219i Nanomateriale. Prinicpalele com&#8230;<\/p><\/div><\/div><\/div><div class=\"rt-loading-overlay\"><\/div><div class=\"rt-loading rt-ball-clip-rotate\"><div><\/div><\/div><\/div><\/div>","protected":false},"excerpt":{"rendered":"","protected":false},"author":1,"featured_media":0,"parent":0,"menu_order":0,"comment_status":"closed","ping_status":"closed","template":"","meta":{"ngg_post_thumbnail":0,"footnotes":""},"class_list":["post-141","page","type-page","status-publish","hentry"],"_links":{"self":[{"href":"https:\/\/afist.ro\/en\/wp-json\/wp\/v2\/pages\/141","targetHints":{"allow":["GET"]}}],"collection":[{"href":"https:\/\/afist.ro\/en\/wp-json\/wp\/v2\/pages"}],"about":[{"href":"https:\/\/afist.ro\/en\/wp-json\/wp\/v2\/types\/page"}],"author":[{"embeddable":true,"href":"https:\/\/afist.ro\/en\/wp-json\/wp\/v2\/users\/1"}],"replies":[{"embeddable":true,"href":"https:\/\/afist.ro\/en\/wp-json\/wp\/v2\/comments?post=141"}],"version-history":[{"count":4,"href":"https:\/\/afist.ro\/en\/wp-json\/wp\/v2\/pages\/141\/revisions"}],"predecessor-version":[{"id":165,"href":"https:\/\/afist.ro\/en\/wp-json\/wp\/v2\/pages\/141\/revisions\/165"}],"wp:attachment":[{"href":"https:\/\/afist.ro\/en\/wp-json\/wp\/v2\/media?parent=141"}],"curies":[{"name":"wp","href":"https:\/\/api.w.org\/{rel}","templated":true}]}}